{"id":5,"date":"2022-07-05T06:44:05","date_gmt":"2022-07-05T06:44:05","guid":{"rendered":"https:\/\/site.iconmarketing.es\/formavigo\/?page_id=5"},"modified":"2023-07-05T11:25:15","modified_gmt":"2023-07-05T11:25:15","slug":"inicio","status":"publish","type":"page","link":"https:\/\/fundacionformavigo.com\/es\/","title":{"rendered":"Inicio"},"content":{"rendered":"[vc_section full_width=\u00bbstretch_row\u00bb full_height=\u00bbyes\u00bb content_placement=\u00bbbottom\u00bb el_id=\u00bbsec0&#8243; css=\u00bb.vc_custom_1688556312816{background-image: url(https:\/\/fundacionformavigo.com\/wp-content\/uploads\/2023\/07\/portada-home-3.webp?id=1304) !important;background-position: center !important;background-repeat: no-repeat !important;background-size: cover !important;}\u00bb][vc_row css=\u00bb.vc_custom_1657784597591{background-position: center !important;background-repeat: no-repeat !important;background-size: cover !important;}\u00bb el_id=\u00bbrow1&#8243;][vc_column]<h1 class=\"vcex-heading vcex-module wpex-text-2xl wpex-font-normal wpex-m-auto wpex-max-w-100 vcex-heading-plain wpex-block wpex-text-left fm-margin-grande fm-titulo-portada\" style=\"color:#ffffff;font-family:&#039;Poppins&#039;,sans-serif;font-weight:700;\"><span class=\"vcex-heading-inner wpex-inline-block wpex-clr\">Creamos futuro<\/span><\/h1>[vc_column_text text_align=\u00bbleft\u00bb color=\u00bb#ffffff\u00bb font_size=\u00bb23px\u00bb font_family=\u00bbPoppins\u00bb line_height=\u00bb34px\u00bb el_class=\u00bbfm-margin-grande\u00bb]Somos una organizaci\u00f3n <strong>sin \u00e1nimo de lucro<\/strong> que lucha por una inserci\u00f3n laboral igualitaria.[\/vc_column_text][vc_column_text text_align=\u00bbcenter\u00bb color=\u00bb#ffffff\u00bb font_size=\u00bb19px\u00bb font_family=\u00bbPoppins\u00bb line_height=\u00bb29px\u00bb css=\u00bb.vc_custom_1662032544889{margin-left: 0px !important;}\u00bb]\n<div class=\"botones\">\n<div><a class=\"fm-boton fm-boton-transparente\" href=\"https:\/\/fundacionformavigo.com\/es\/quienes-somos\/\">CON\u00d3CENOS\u00a0<\/a><\/div>\n<div><a class=\"fm-enlace-llamanos\" href=\"https:\/\/fundacionformavigo.com\/es\/contacto\/\"><strong>LL\u00c1MANOS<\/strong><img loading=\"lazy\" decoding=\"async\" class=\"wp-image-81 size-full\" src=\"https:\/\/fundacionformavigo.com\/\/wp-content\/uploads\/2022\/07\/felcha-der.svg\" alt=\"\" width=\"20\" height=\"8\" \/><\/a><\/div>\n<\/div>\n[\/vc_column_text]<figure class=\"vcex-image vcex-module wpex-clr textcenter imagen1\"><div class=\"vcex-image-inner wpex-relative wpex-inline-block\"><img decoding=\"async\" width=\"9999\" height=\"98\" src=\"https:\/\/fundacionformavigo.com\/wp-content\/uploads\/2022\/07\/elipse-amarillo.svg\" class=\"wpex-align-middle\" alt=\"\" loading=\"lazy\" \/><\/div><\/figure>[\/vc_column][\/vc_row][\/vc_section][vc_section full_width=\u00bbstretch_row\u00bb el_id=\u00bbsec1&#8243; css=\u00bb.vc_custom_1657788569654{background-color: #f5f5f5 !important;}\u00bb][vc_row equal_height=\u00bbyes\u00bb css=\u00bb.vc_custom_1657711276115{background-color: #f5f5f5 !important;}\u00bb el_id=\u00bbrow1&#8243;][vc_column width=\u00bb1\/2&#8243; el_class=\u00bbcolcompromiso\u00bb]<style>.vcex_69f5df445d500{font-size:68px!important;}@media (max-width:479px){.vcex_69f5df445d500{font-size:30px!important;}}<\/style><h2 class=\"vcex-heading vcex-module wpex-text-2xl wpex-font-normal wpex-m-auto wpex-max-w-100 vcex-heading-plain wpex-block wpex-text-left vc_custom_1657789952998 vcex_69f5df445d500 cabeza1\" style=\"font-family:&#039;Poppins&#039;,sans-serif;font-weight:700;line-height:75px;\"><span class=\"vcex-heading-inner wpex-inline-block wpex-clr\">Compromiso con la Igualdad<\/span><\/h2>[vc_column_text color=\u00bb#008be0&#8243; letter_spacing=\u00bb0px\u00bb line_height=\u00bb30px\u00bb font_size=\u00bb23px\u00bb font_family=\u00bbPoppins\u00bb el_class=\u00bbsub1&#8243;]Nuestra fundaci\u00f3n nace de un <strong>sentimiento compartido<\/strong> y de la detecci\u00f3n de una <strong>realidad insostenible de exclusi\u00f3n laboral.<\/strong>[\/vc_column_text][\/vc_column][vc_column width=\u00bb1\/2&#8243; el_class=\u00bbcol2&#8243;]<h3 class=\"vcex-heading vcex-module wpex-text-2xl wpex-font-normal wpex-m-auto wpex-max-w-100 vcex-heading-plain wpex-block wpex-text-left cabeza2\" style=\"font-family:&#039;Poppins&#039;,sans-serif;font-size:28px;font-weight:700;line-height:38px;\"><span class=\"vcex-heading-inner wpex-inline-block wpex-clr\">Mucho m\u00e1s que un proyecto de RSC<\/span><\/h3>[vc_column_text text_align=\u00bbleft\u00bb letter_spacing=\u00bb0px\u00bb line_height=\u00bb29px\u00bb font_size=\u00bb19px\u00bb font_family=\u00bbPoppins\u00bb color=\u00bb#000000&#8243; el_class=\u00bbsub2&#8243; css=\u00bb.vc_custom_1657801675694{margin-left: 0px !important;}\u00bb]A ra\u00edz de la pasada crisis a la que fue sometido el sector del metal, el Grupo Tesol est\u00e1 comprometido en desarrollar actividades que ayuden a las personas a afrontar las adversidades del mercado laboral.<\/p>\n<p>El objetivo de la fundaci\u00f3n es luchar por una <strong>igualdad de oportunidades<\/strong> laborales en el sector, poniendo el foco en la inclusi\u00f3n de las mujeres en la industria.[\/vc_column_text][\/vc_column][\/vc_row][\/vc_section][vc_section full_width=\u00bbstretch_row_content\u00bb el_id=\u00bbsec2&#8243; css=\u00bb.vc_custom_1657526976017{background-image: url(https:\/\/fundacionformavigo.com\/\/wp-content\/uploads\/2022\/07\/fondo-gris.jpg?id=376) !important;}\u00bb][vc_row content_placement=\u00bbmiddle\u00bb equal_height=\u00bbyes\u00bb el_id=\u00bbrow1&#8243;][vc_column width=\u00bb1\/2&#8243;]<figure class=\"vcex-image vcex-module wpex-clr textcenter imagen1\"><div class=\"vcex-image-inner wpex-relative wpex-inline-block\"><img decoding=\"async\" width=\"900\" height=\"768\" src=\"https:\/\/fundacionformavigo.com\/wp-content\/uploads\/2023\/07\/apuesta-progreso-1.webp\" class=\"wpex-align-middle\" alt=\"\" loading=\"lazy\" srcset=\"https:\/\/fundacionformavigo.com\/wp-content\/uploads\/2023\/07\/apuesta-progreso-1.webp 900w, https:\/\/fundacionformavigo.com\/wp-content\/uploads\/2023\/07\/apuesta-progreso-1-300x256.webp 300w, https:\/\/fundacionformavigo.com\/wp-content\/uploads\/2023\/07\/apuesta-progreso-1-768x655.webp 768w\" sizes=\"auto, (max-width: 900px) 100vw, 900px\" \/><\/div><\/figure>[\/vc_column][vc_column width=\u00bb1\/2&#8243; el_class=\u00bbpl-10&#8243;]<h2 class=\"vcex-heading vcex-module wpex-text-2xl wpex-font-normal wpex-m-auto wpex-max-w-100 vcex-heading-plain wpex-block wpex-text-left cabeza1\" style=\"color:#000000;font-family:&#039;Poppins&#039;,sans-serif;font-size:45px;font-weight:700;line-height:55px;\"><span class=\"vcex-heading-inner wpex-inline-block wpex-clr\">Apuesta por el progreso<\/span><\/h2>[vc_column_text el_class=\u00bbsub1&#8243; font_size=\u00bb23px\u00bb font_family=\u00bbPoppins\u00bb line_height=\u00bb33px\u00bb color=\u00bb#000000&#8243;]<strong>Desde el Grupo Tesol creemos que el progreso de la industria no debe ser s\u00f3lo tecnol\u00f3gico sino tambi\u00e9n social<\/strong>. Los objetivos de nuestra fundaci\u00f3n est\u00e1n alineados con los <strong class=\"azul\">objetivos de igualdad del plan estrat\u00e9gico de Galicia<\/strong>, juntos creamos futuro.[\/vc_column_text][vc_column_text text_align=\u00bbleft\u00bb color=\u00bb#008be0&#8243; font_size=\u00bb19px\u00bb font_family=\u00bbPoppins\u00bb line_height=\u00bb29px\u00bb text_transform=\u00bbuppercase\u00bb font_weight=\u00bbbold\u00bb el_class=\u00bbboton\u00bb]<a href=\"https:\/\/fundacionformavigo.com\/es\/quienes-somos\/\">SABER M\u00c1S\u00a0 \u00a0<img loading=\"lazy\" decoding=\"async\" src=\"https:\/\/fundacionformavigo.com\/\/wp-content\/uploads\/2022\/07\/flecha-der-azul.png\" alt=\"\" width=\"28\" height=\"9\" \/><\/a>[\/vc_column_text][\/vc_column][\/vc_row][\/vc_section][vc_section full_width=\u00bbstretch_row_content\u00bb el_id=\u00bbsec3&#8243;][vc_row][vc_column]<h2 class=\"vcex-heading vcex-module wpex-text-2xl wpex-font-normal wpex-m-auto wpex-max-w-100 vcex-heading-plain wpex-block wpex-text-left cabezasec mb-40\" style=\"color:#000000;\"><span class=\"vcex-heading-inner wpex-inline-block wpex-clr\">\u00bfC\u00f3mo contribuimos?<\/span><\/h2>[\/vc_column][\/vc_row][vc_row][vc_column]<div class=\"vcex-grid-container vcex-module wpex-grid wpex-gap-20 wpex-grid-cols-1 wpex-lg-grid-cols-3 grilla1\" style=\"gap:30px;\"><a href=\"https:\/\/fundacionformavigo.com\/es\/orientacion-laboral\/\" class=\"vcex-icon-box-link-wrap wpex-flex wpex-inherit-color wpex-no-underline\"><div class=\"vcex-module vcex-icon-box vcex-icon-box-two wpex-relative wpex-flex-grow wpex-text-left\" data-wpex-hover=\"{&quot;background&quot;:&quot;#cce8f9&quot;}\"><div class=\"vcex-icon-box-symbol wpex-mb-20\"><img decoding=\"async\" width=\"970\" height=\"762\" src=\"https:\/\/fundacionformavigo.com\/wp-content\/uploads\/2023\/07\/orientacion.webp\" class=\"vcex-icon-box-image wpex-align-middle\" alt=\"\" loading=\"lazy\" srcset=\"https:\/\/fundacionformavigo.com\/wp-content\/uploads\/2023\/07\/orientacion.webp 970w, https:\/\/fundacionformavigo.com\/wp-content\/uploads\/2023\/07\/orientacion-300x236.webp 300w, https:\/\/fundacionformavigo.com\/wp-content\/uploads\/2023\/07\/orientacion-768x603.webp 768w\" sizes=\"auto, (max-width: 970px) 100vw, 970px\" \/><\/div><div class=\"vcex-icon-box-text\"><h2 class=\"vcex-icon-box-heading wpex-heading wpex-text-md wpex-mb-10\" style=\"color:#000000;\">Orientaci\u00f3n laboral<\/h2><div class=\"vcex-icon-box-content wpex-last-mb-0 wpex-clr\"><ul>\n<li>Reorientaci\u00f3n, posicionamiento y reinserci\u00f3n laboral<\/li>\n<li>Actividades de capacitaci\u00f3n profesional<\/li>\n<li>Servicio de intermediaci\u00f3n laboral<\/li>\n<\/ul>\n<\/div><\/div><\/div><\/a><a href=\"https:\/\/fundacionformavigo.com\/es\/formaemprega\/\" class=\"vcex-icon-box-link-wrap wpex-flex wpex-inherit-color wpex-no-underline\"><div class=\"vcex-module vcex-icon-box vcex-icon-box-two wpex-relative wpex-flex-grow wpex-text-left\" data-wpex-hover=\"{&quot;background&quot;:&quot;#cce8f9&quot;}\"><div class=\"vcex-icon-box-symbol wpex-mb-20\"><img decoding=\"async\" width=\"970\" height=\"762\" src=\"https:\/\/fundacionformavigo.com\/wp-content\/uploads\/2023\/07\/formaemprega.webp\" class=\"vcex-icon-box-image wpex-align-middle\" alt=\"\" loading=\"lazy\" srcset=\"https:\/\/fundacionformavigo.com\/wp-content\/uploads\/2023\/07\/formaemprega.webp 970w, https:\/\/fundacionformavigo.com\/wp-content\/uploads\/2023\/07\/formaemprega-300x236.webp 300w, https:\/\/fundacionformavigo.com\/wp-content\/uploads\/2023\/07\/formaemprega-768x603.webp 768w\" sizes=\"auto, (max-width: 970px) 100vw, 970px\" \/><\/div><div class=\"vcex-icon-box-text\"><h2 class=\"vcex-icon-box-heading wpex-heading wpex-text-md wpex-mb-10\" style=\"color:#000000;\">Formaemprega<\/h2><div class=\"vcex-icon-box-content wpex-last-mb-0 wpex-clr\"><ul>\n<li>Planes de Formaci\u00f3n para cualificar profesionalmente a las personas en situaci\u00f3n de desempleo<\/li>\n<li>Desarrollo de capacidades de b\u00fasqueda de empleo<\/li>\n<\/ul>\n<\/div><\/div><\/div><\/a><a href=\"https:\/\/fundacionformavigo.com\/es\/igualdad\/\" class=\"vcex-icon-box-link-wrap wpex-flex wpex-inherit-color wpex-no-underline\"><div class=\"vcex-module vcex-icon-box vcex-icon-box-two wpex-relative wpex-flex-grow wpex-text-left\" data-wpex-hover=\"{&quot;background&quot;:&quot;#cce8f9&quot;}\"><div class=\"vcex-icon-box-symbol wpex-mb-20\"><img decoding=\"async\" width=\"970\" height=\"762\" src=\"https:\/\/fundacionformavigo.com\/wp-content\/uploads\/2023\/07\/igualdad.webp\" class=\"vcex-icon-box-image wpex-align-middle\" alt=\"\" loading=\"lazy\" srcset=\"https:\/\/fundacionformavigo.com\/wp-content\/uploads\/2023\/07\/igualdad.webp 970w, https:\/\/fundacionformavigo.com\/wp-content\/uploads\/2023\/07\/igualdad-300x236.webp 300w, https:\/\/fundacionformavigo.com\/wp-content\/uploads\/2023\/07\/igualdad-768x603.webp 768w\" sizes=\"auto, (max-width: 970px) 100vw, 970px\" \/><\/div><div class=\"vcex-icon-box-text\"><h2 class=\"vcex-icon-box-heading wpex-heading wpex-text-md wpex-mb-10\" style=\"color:#000000;\">Igualdad<\/h2><div class=\"vcex-icon-box-content wpex-last-mb-0 wpex-clr\"><ul>\n<li>Outplacement<\/li>\n<li>Formaci\u00f3n e inserci\u00f3n para mujeres desempleadas<\/li>\n<li>Visibilidad e informaci\u00f3n<\/li>\n<\/ul>\n<\/div><\/div><\/div><\/a><\/div>[\/vc_column][\/vc_row][\/vc_section][vc_section full_width=\u00bbstretch_row\u00bb el_id=\u00bbsecini4&#8243; css=\u00bb.vc_custom_1662024832966{background-color: #f5f5f5 !important;}\u00bb el_class=\u00bbpr-0&#8243;][vc_row equal_height=\u00bbyes\u00bb el_class=\u00bbfila1ini4&#8243;][vc_column width=\u00bb2\/3&#8243;]<div class=\"vcex-heading vcex-module wpex-text-2xl wpex-font-normal wpex-m-auto wpex-max-w-100 vcex-heading-plain wpex-block wpex-text-left\" style=\"color:#000000;font-family:&#039;Poppins&#039;,sans-serif;font-size:45px;font-weight:700;\"><span class=\"vcex-heading-inner wpex-inline-block wpex-clr\">Nuestro esfuerzo en resultados<\/span><\/div>[vc_column_text el_class=\u00bbsub1sec4&#8243; text_align=\u00bbleft\u00bb color=\u00bb#000000&#8243; font_size=\u00bb23px\u00bb font_family=\u00bbPoppins\u00bb line_height=\u00bb33px\u00bb]En 2021, <strong>107 personas en riesgo de exclusi\u00f3n laboral<\/strong>, fueron atendidas por la Fundaci\u00f3n Formavigo.[\/vc_column_text][\/vc_column][vc_column width=\u00bb1\/3&#8243; el_class=\u00bbcol2ini4 oculto\u00bb][vc_single_image image=\u00bb49&#8243; alignment=\u00bbright\u00bb el_class=\u00bbflechaslider2&#8243;][vc_single_image image=\u00bb49&#8243; el_class=\u00bbflechaslider\u00bb][\/vc_column][\/vc_row][vc_row gap=\u00bb15&#8243; equal_height=\u00bbyes\u00bb el_class=\u00bbfichas\u00bb][vc_column width=\u00bb1\/5&#8243; css=\u00bb.vc_custom_1657611232459{background-color: #f9b131 !important;}\u00bb el_class=\u00bbcolfichas\u00bb]<h1 class=\"vcex-heading vcex-module wpex-text-2xl wpex-font-normal wpex-m-auto wpex-max-w-100 vcex-heading-plain wpex-block wpex-text-left\" style=\"color:#ffffff;font-family:&#039;Poppins&#039;,sans-serif;font-size:90px;font-weight:700;line-height:136px;\"><span class=\"vcex-heading-inner wpex-inline-block wpex-clr\">11<\/span><\/h1>[vc_column_text text_align=\u00bbleft\u00bb color=\u00bb#000000&#8243; font_size=\u00bb19px\u00bb font_family=\u00bbPoppins\u00bb line_height=\u00bb29px\u00bb]<strong>Mujeres pertenecientes a minor\u00edas \u00e9tnicas<\/strong> sin estudios homologados ni cualificaci\u00f3n profesional[\/vc_column_text][\/vc_column][vc_column width=\u00bb1\/5&#8243; css=\u00bb.vc_custom_1657611336406{background-color: #f9b131 !important;}\u00bb el_class=\u00bbcolfichas\u00bb]<h1 class=\"vcex-heading vcex-module wpex-text-2xl wpex-font-normal wpex-m-auto wpex-max-w-100 vcex-heading-plain wpex-block wpex-text-left\" style=\"color:#ffffff;font-family:&#039;Poppins&#039;,sans-serif;font-size:90px;font-weight:700;line-height:136px;\"><span class=\"vcex-heading-inner wpex-inline-block wpex-clr\">23<\/span><\/h1>[vc_column_text text_align=\u00bbleft\u00bb color=\u00bb#000000&#8243; font_size=\u00bb19px\u00bb font_family=\u00bbPoppins\u00bb line_height=\u00bb29px\u00bb]<strong>Mujeres inmigrantes<\/strong> con estudios b\u00e1sicos sin homologar en Espa\u00f1a y sin cualificaci\u00f3n profesional[\/vc_column_text][\/vc_column][vc_column width=\u00bb1\/5&#8243; el_class=\u00bbcolfichas\u00bb css=\u00bb.vc_custom_1657611342451{background-color: #f9b131 !important;}\u00bb]<h1 class=\"vcex-heading vcex-module wpex-text-2xl wpex-font-normal wpex-m-auto wpex-max-w-100 vcex-heading-plain wpex-block wpex-text-left\" style=\"color:#ffffff;font-family:&#039;Poppins&#039;,sans-serif;font-size:90px;font-weight:700;line-height:136px;\"><span class=\"vcex-heading-inner wpex-inline-block wpex-clr\">5<\/span><\/h1>[vc_column_text text_align=\u00bbleft\u00bb color=\u00bb#000000&#8243; font_size=\u00bb19px\u00bb font_family=\u00bbPoppins\u00bb line_height=\u00bb29px\u00bb]<strong>Hombres inmigrantes<\/strong> con estudios b\u00e1sicos y sin cualificaci\u00f3n profesional[\/vc_column_text][\/vc_column][vc_column width=\u00bb1\/5&#8243; el_class=\u00bbcolfichas\u00bb css=\u00bb.vc_custom_1657611349760{background-color: #f9b131 !important;}\u00bb]<h1 class=\"vcex-heading vcex-module wpex-text-2xl wpex-font-normal wpex-m-auto wpex-max-w-100 vcex-heading-plain wpex-block wpex-text-left\" style=\"color:#ffffff;font-family:&#039;Poppins&#039;,sans-serif;font-size:90px;font-weight:700;line-height:136px;\"><span class=\"vcex-heading-inner wpex-inline-block wpex-clr\">48<\/span><\/h1>[vc_column_text text_align=\u00bbleft\u00bb color=\u00bb#000000&#8243; font_size=\u00bb19px\u00bb font_family=\u00bbPoppins\u00bb line_height=\u00bb29px\u00bb]<strong>Hombres de origen nacional<\/strong> con estudios b\u00e1sicos y sin cualificaci\u00f3n profesional[\/vc_column_text][\/vc_column][vc_column width=\u00bb1\/5&#8243; el_class=\u00bbcolfichas\u00bb css=\u00bb.vc_custom_1657611358160{background-color: #f9b131 !important;}\u00bb]<h1 class=\"vcex-heading vcex-module wpex-text-2xl wpex-font-normal wpex-m-auto wpex-max-w-100 vcex-heading-plain wpex-block wpex-text-left\" style=\"color:#ffffff;font-family:&#039;Poppins&#039;,sans-serif;font-size:90px;font-weight:700;line-height:136px;\"><span class=\"vcex-heading-inner wpex-inline-block wpex-clr\">11<\/span><\/h1>[vc_column_text text_align=\u00bbleft\u00bb color=\u00bb#000000&#8243; font_size=\u00bb19px\u00bb font_family=\u00bbPoppins\u00bb css=\u00bb.vc_custom_1657832990542{padding-left: 20px !important;}\u00bb line_height=\u00bb29px\u00bb]<strong>Mujeres de origen naciona<\/strong>l con estudios b\u00e1sicos y sin cualificaci\u00f3n profesional[\/vc_column_text][\/vc_column][\/vc_row][\/vc_section][vc_section full_width=\u00bbstretch_row\u00bb el_id=\u00bbsecini5&#8243;][vc_row][vc_column]<div class=\"vcex-heading vcex-module wpex-text-2xl wpex-font-normal wpex-m-auto wpex-max-w-100 vcex-heading-plain wpex-block wpex-text-center fm-margin-mediano\" style=\"color:#000000;font-family:&#039;Poppins&#039;,sans-serif;font-size:45px;font-weight:700;line-height:55px;\"><span class=\"vcex-heading-inner wpex-inline-block wpex-clr\">\u00daltimos cursos<\/span><\/div>[vc_column_text text_align=\u00bbcenter\u00bb color=\u00bb#000000&#8243; font_size=\u00bb23px\u00bb font_family=\u00bbPoppins\u00bb line_height=\u00bb33px\u00bb el_class=\u00bbfm-margin-mediano\u00bb]La fundaci\u00f3n sigue creciendo, avanzando y consiguiendo<br \/>\nobjetivos con resultados que ayudan a personas reales.[\/vc_column_text]<div class=\"vcex-module vcex-portfolio-grid-wrap wpex-clr fm-margin-grande grid-cursos\"><div class=\"wpex-row vcex-portfolio-grid wpex-clr entries gap-30 match-height-grid vcex-isotope-grid\"><div class=\"portfolio-entry vcex-grid-item entry-has-details span_1_of_3 col col-1  vcex-isotope-entry textleft post-1684 entry type-portfolio has-media\"><div class=\"portfolio-entry-inner entry-inner wpex-first-mt-0 wpex-last-mb-0 wpex-clr\"><div class=\"portfolio-entry-details entry-details wpex-boxed wpex-p-40 wpex-first-mt-0 wpex-last-mb-0 wpex-clr\" style=\"color:#000000;\"><div class=\"match-height-content\"><h2 class=\"portfolio-entry-title entry-title wpex-mb-5 wpex-child-inherit-color\" style=\"font-size:19px;color:#000000;line-height:29px;\"><a href=\"https:\/\/fundacionformavigo.com\/es\/curso\/formate-na-empresa-na-empresa-2026\/\" title=\"F\u00d3RMATE NA EMPRESA 2026\">F\u00d3RMATE NA EMPRESA 2026<\/a><\/h2><div class=\"portfolio-entry-excerpt entry-excerpt wpex-my-15 wpex-last-mb-0 wpex-clr\" style=\"font-size:19px;\"><p>Se tes entre 18 e 30 anos, non est\u00e1s traballando nin estudando, e&hellip;<\/p><\/div><div class=\"portfolio-entry-readmore-wrap entry-readmore-wrap wpex-my-15 wpex-clr\"><a href=\"https:\/\/fundacionformavigo.com\/es\/curso\/formate-na-empresa-na-empresa-2026\/\" class=\"theme-button blue\" style=\"color:#ffffff;font-size:17px;border-radius:var(--wpex-rounded-lg);\" aria-label=\"SABER M\u00c1S about F\u00d3RMATE NA EMPRESA 2026\">SABER M\u00c1S<\/a><\/div><\/div><\/div><\/div><\/div><div class=\"portfolio-entry vcex-grid-item entry-has-details span_1_of_3 col col-2  vcex-isotope-entry textleft post-1660 entry type-portfolio has-media\"><div class=\"portfolio-entry-inner entry-inner wpex-first-mt-0 wpex-last-mb-0 wpex-clr\"><div class=\"portfolio-entry-details entry-details wpex-boxed wpex-p-40 wpex-first-mt-0 wpex-last-mb-0 wpex-clr\" style=\"color:#000000;\"><div class=\"match-height-content\"><h2 class=\"portfolio-entry-title entry-title wpex-mb-5 wpex-child-inherit-color\" style=\"font-size:19px;color:#000000;line-height:29px;\"><a href=\"https:\/\/fundacionformavigo.com\/es\/curso\/programa-integrado-de-emprego-2025-2026\/\" title=\"PROGRAMA INTEGRADO DE EMPREGO 2025\/2026\">PROGRAMA INTEGRADO DE EMPREGO 2025\/2026<\/a><\/h2><div class=\"portfolio-entry-excerpt entry-excerpt wpex-my-15 wpex-last-mb-0 wpex-clr\" style=\"font-size:19px;\"><p>PROGRAMA INTEGRADO DE EMPREGO DA FUNDACI\u00d3N FORMAVIGO 2025\/2026 Programa de inserci\u00f3n laboral para&hellip;<\/p><\/div><div class=\"portfolio-entry-readmore-wrap entry-readmore-wrap wpex-my-15 wpex-clr\"><a href=\"https:\/\/fundacionformavigo.com\/es\/curso\/programa-integrado-de-emprego-2025-2026\/\" class=\"theme-button blue\" style=\"color:#ffffff;font-size:17px;border-radius:var(--wpex-rounded-lg);\" aria-label=\"SABER M\u00c1S about PROGRAMA INTEGRADO DE EMPREGO 2025\/2026\">SABER M\u00c1S<\/a><\/div><\/div><\/div><\/div><\/div><div class=\"portfolio-entry vcex-grid-item entry-has-details span_1_of_3 col col-3  vcex-isotope-entry textleft post-1652 entry type-portfolio has-media\"><div class=\"portfolio-entry-inner entry-inner wpex-first-mt-0 wpex-last-mb-0 wpex-clr\"><div class=\"portfolio-entry-details entry-details wpex-boxed wpex-p-40 wpex-first-mt-0 wpex-last-mb-0 wpex-clr\" style=\"color:#000000;\"><div class=\"match-height-content\"><h2 class=\"portfolio-entry-title entry-title wpex-mb-5 wpex-child-inherit-color\" style=\"font-size:19px;color:#000000;line-height:29px;\"><a href=\"https:\/\/fundacionformavigo.com\/es\/curso\/caixa-e-reposicion\/\" title=\"CAIXA E REPOSICI\u00d3N\">CAIXA E REPOSICI\u00d3N<\/a><\/h2><div class=\"portfolio-entry-excerpt entry-excerpt wpex-my-15 wpex-last-mb-0 wpex-clr\" style=\"font-size:19px;\"><p>Dentro do novo programa de orientaci\u00f3n laboral e formaci\u00f3n contamos cun curso gratuito&hellip;<\/p><\/div><div class=\"portfolio-entry-readmore-wrap entry-readmore-wrap wpex-my-15 wpex-clr\"><a href=\"https:\/\/fundacionformavigo.com\/es\/curso\/caixa-e-reposicion\/\" class=\"theme-button blue\" style=\"color:#ffffff;font-size:17px;border-radius:var(--wpex-rounded-lg);\" aria-label=\"SABER M\u00c1S about CAIXA E REPOSICI\u00d3N\">SABER M\u00c1S<\/a><\/div><\/div><\/div><\/div><\/div><\/div><\/div>[vc_column_text el_class=\u00bbbot1inic6&#8243; text_align=\u00bbcenter\u00bb color=\u00bb#000000&#8243; font_size=\u00bb19px\u00bb font_family=\u00bbPoppins\u00bb line_height=\u00bb29px\u00bb font_weight=\u00bbbold\u00bb]<a class=\"fm-boton\" href=\"https:\/\/fundacionformavigo.com\/es\/oferta-formativa\">VER M\u00c1S<\/a>[\/vc_column_text][\/vc_column][\/vc_row][\/vc_section][vc_section full_width=\u00bbstretch_row\u00bb el_id=\u00bbsec6&#8243; css=\u00bb.vc_custom_1657790384890{background-image: url(https:\/\/fundacionformavigo.com\/\/wp-content\/uploads\/2022\/07\/fondo-industria-sin-prejuicios.jpg?id=374) !important;background-position: center !important;background-repeat: no-repeat !important;background-size: cover !important;}\u00bb][vc_row el_id=\u00bbrow1&#8243; css=\u00bb.vc_custom_1657790193477{background-position: center !important;background-repeat: no-repeat !important;background-size: cover !important;}\u00bb][vc_column width=\u00bb1\/2&#8243;]<h1 class=\"vcex-heading vcex-module wpex-text-2xl wpex-font-normal wpex-m-auto wpex-max-w-100 vcex-heading-plain wpex-block wpex-text-left cabeza1\" style=\"color:#ffffff;font-family:&#039;Poppins&#039;,sans-serif;font-size:65px;font-weight:700;line-height:75px;\"><span class=\"vcex-heading-inner wpex-inline-block wpex-clr\">Por una industria sin prejuicios<\/span><\/h1>[vc_column_text color=\u00bb#ffffff\u00bb font_size=\u00bb23px\u00bb font_family=\u00bbPoppins\u00bb line_height=\u00bb30px\u00bb el_class=\u00bbsub1&#8243; text_align=\u00bbleft\u00bb]Las estad\u00edsticas revelan una <strong>realidad desigual<\/strong> en las retribuciones salariales, en la promoci\u00f3n profesional, en la presencia en las esferas de decisi\u00f3n y el <strong>acceso a sectores<\/strong> y \u00e1mbitos fuertemente masculinizados.<\/p>\n<p>La Fundaci\u00f3n Formavigo desarrolla programas concretos para apoyar y fomentar la presencia de las mujeres en estos mercados, con el objetivo de promover una oferta en igualdad de oportunidades.[\/vc_column_text][vc_column_text text_align=\u00bbleft\u00bb color=\u00bb#ffffff\u00bb font_size=\u00bb19px\u00bb letter_spacing=\u00bb5px\u00bb text_transform=\u00bbuppercase\u00bb el_class=\u00bbboton\u00bb font_family=\u00bbPoppins\u00bb]<a href=\"https:\/\/fundacionformavigo.com\/es\/quienes-somos\/\"><strong>QUI\u00c9NES SOMOS \u2192<\/strong><\/a>[\/vc_column_text][\/vc_column][vc_column width=\u00bb1\/2&#8243;][\/vc_column][\/vc_row][\/vc_section][vc_section full_width=\u00bbstretch_row\u00bb full_height=\u00bbyes\u00bb css=\u00bb.vc_custom_1657832189121{background-color: #008be0 !important;}\u00bb el_id=\u00bbsec8&#8243;][vc_row full_width=\u00bbstretch_row_content_no_spaces\u00bb full_height=\u00bbyes\u00bb css=\u00bb.vc_custom_1657832318277{background-color: #ffffff !important;}\u00bb el_class=\u00bbfm-fila-respaldo\u00bb][vc_column]<h2 class=\"vcex-heading vcex-module wpex-text-2xl wpex-font-normal wpex-m-auto wpex-max-w-100 vcex-heading-plain wpex-block wpex-text-left fm-margin-grande\" style=\"color:#000000;font-family:&#039;Poppins&#039;,sans-serif;font-size:45px;font-weight:700;line-height:55px;\"><span class=\"vcex-heading-inner wpex-inline-block wpex-clr\">El respaldo de grandes organizaciones<\/span><\/h2>[vc_column_text el_class=\u00bbfm-margin-grande\u00bb color=\u00bb#000000&#8243; font_size=\u00bb23px\u00bb font_family=\u00bbPoppins\u00bb line_height=\u00bb33px\u00bb text_align=\u00bbleft\u00bb]Hoy apostamos por las personas, gracias a quien que ayer apost\u00f3 por la Fundaci\u00f3n.[\/vc_column_text][vc_column_text text_align=\u00bbleft\u00bb color=\u00bb#000000&#8243; font_size=\u00bb19px\u00bb font_family=\u00bbPoppins\u00bb line_height=\u00bb29px\u00bb el_class=\u00bbfm-margin-mediano\u00bb]La Fundaci\u00f3n Formavigo es parte de un cambio social en el sector, necesario para el progreso de la industria. Esto no ser\u00eda posible sin <strong>nuestro patronato<\/strong> y sin las entidades colaboradoras que apoyan nuestros proyectos.[\/vc_column_text][vc_row_inner equal_height=\u00bbyes\u00bb content_placement=\u00bbmiddle\u00bb el_class=\u00bbrow2&#8243;][vc_column_inner width=\u00bb1\/4&#8243; el_id=\u00bbcol1&#8243;][vc_single_image image=\u00bb102&#8243; img_size=\u00bb235&#215;41&#8243; alignment=\u00bbcenter\u00bb][\/vc_column_inner][vc_column_inner width=\u00bb1\/4&#8243; el_id=\u00bbcol2&#8243;][vc_single_image image=\u00bb101&#8243; img_size=\u00bb123&#215;38&#8243; alignment=\u00bbcenter\u00bb][\/vc_column_inner][vc_column_inner width=\u00bb1\/4&#8243; el_id=\u00bbcol3&#8243;][vc_single_image image=\u00bb100&#8243; img_size=\u00bb207&#215;39&#8243; alignment=\u00bbcenter\u00bb][\/vc_column_inner][vc_column_inner width=\u00bb1\/4&#8243; el_id=\u00bbcol4&#8243;][vc_single_image image=\u00bb99&#8243; img_size=\u00bb158&#215;26&#8243; alignment=\u00bbcenter\u00bb][\/vc_column_inner][\/vc_row_inner][\/vc_column][\/vc_row][\/vc_section]\n","protected":false},"excerpt":{"rendered":"<p>[vc_section full_width=\u00bbstretch_row\u00bb full_height=\u00bbyes\u00bb content_placement=\u00bbbottom\u00bb el_id=\u00bbsec0&#8243; css=\u00bb.vc_custom_1688556312816{background-image: url(https:\/\/fundacionformavigo.com\/wp-content\/uploads\/2023\/07\/portada-home-3.webp?id=1304) !important;background-position: center !important;background-repeat: no-repeat !important;background-size: cover !important;}\u00bb][vc_row css=\u00bb.vc_custom_1657784597591{background-position: center !important;background-repeat: no-repeat !important;background-size: cover !important;}\u00bb el_id=\u00bbrow1&#8243;][vc_column][vc_column_text text_align=\u00bbleft\u00bb color=\u00bb#ffffff\u00bb font_size=\u00bb23px\u00bb font_family=\u00bbPoppins\u00bb line_height=\u00bb34px\u00bb el_class=\u00bbfm-margin-grande\u00bb]Somos una organizaci\u00f3n sin \u00e1nimo de lucro que lucha por una inserci\u00f3n laboral igualitaria.[\/vc_column_text][vc_column_text text_align=\u00bbcenter\u00bb color=\u00bb#ffffff\u00bb font_size=\u00bb19px\u00bb font_family=\u00bbPoppins\u00bb line_height=\u00bb29px\u00bb css=\u00bb.vc_custom_1662032544889{margin-left: 0px !important;}\u00bb] CON\u00d3CENOS\u00a0 LL\u00c1MANOS [\/vc_column_text][\/vc_column][\/vc_row][\/vc_section][vc_section full_width=\u00bbstretch_row\u00bb el_id=\u00bbsec1&#8243; css=\u00bb.vc_custom_1657788569654{background-color:&hellip;<\/p>\n","protected":false},"author":1,"featured_media":1304,"parent":0,"menu_order":0,"comment_status":"closed","ping_status":"closed","template":"","meta":{"_acf_changed":false,"inline_featured_image":false,"footnotes":""},"class_list":["post-5","page","type-page","status-publish","has-post-thumbnail","hentry","entry","has-media"],"acf":[],"yoast_head":"<!-- This site is optimized with the Yoast SEO plugin v27.5 - https:\/\/yoast.com\/product\/yoast-seo-wordpress\/ -->\n<title>Inicio | Fundaci\u00f3n Formavigo<\/title>\n<meta name=\"description\" content=\"Somos una organizaci\u00f3n sin \u00e1nimo de lucro que lucha por una inserci\u00f3n laboral igualitaria. \u00a1Creamos futuro!\" \/>\n<meta name=\"robots\" content=\"index, follow, max-snippet:-1, max-image-preview:large, max-video-preview:-1\" \/>\n<link rel=\"canonical\" href=\"https:\/\/fundacionformavigo.com\/es\/\" \/>\n<meta property=\"og:locale\" content=\"es_ES\" \/>\n<meta property=\"og:type\" content=\"article\" \/>\n<meta property=\"og:title\" content=\"Inicio | Fundaci\u00f3n Formavigo\" \/>\n<meta property=\"og:description\" content=\"Somos una organizaci\u00f3n sin \u00e1nimo de lucro que lucha por una inserci\u00f3n laboral igualitaria. \u00a1Creamos futuro!\" \/>\n<meta property=\"og:url\" content=\"https:\/\/fundacionformavigo.com\/es\/\" \/>\n<meta property=\"og:site_name\" content=\"Fundaci\u00f3n Formavigo\" \/>\n<meta property=\"article:modified_time\" content=\"2023-07-05T11:25:15+00:00\" \/>\n<meta property=\"og:image\" content=\"https:\/\/fundacionformavigo.com\/wp-content\/uploads\/2023\/07\/portada-home-3.webp\" \/>\n\t<meta property=\"og:image:width\" content=\"1924\" \/>\n\t<meta property=\"og:image:height\" content=\"932\" \/>\n\t<meta property=\"og:image:type\" content=\"image\/webp\" \/>\n<meta name=\"twitter:card\" content=\"summary_large_image\" \/>\n<meta name=\"twitter:description\" content=\"Somos una organizaci\u00f3n sin \u00e1nimo de lucro que lucha por una inserci\u00f3n laboral igualitaria. \u00a1Creamos futuro!\" \/>\n<meta name=\"twitter:label1\" content=\"Tiempo de lectura\" \/>\n\t<meta name=\"twitter:data1\" content=\"6 minutos\" \/>\n<script type=\"application\/ld+json\" class=\"yoast-schema-graph\">{\"@context\":\"https:\\\/\\\/schema.org\",\"@graph\":[{\"@type\":\"WebPage\",\"@id\":\"https:\\\/\\\/fundacionformavigo.com\\\/es\\\/\",\"url\":\"https:\\\/\\\/fundacionformavigo.com\\\/es\\\/\",\"name\":\"Inicio | Fundaci\u00f3n Formavigo\",\"isPartOf\":{\"@id\":\"https:\\\/\\\/fundacionformavigo.com\\\/es\\\/#website\"},\"primaryImageOfPage\":{\"@id\":\"https:\\\/\\\/fundacionformavigo.com\\\/es\\\/#primaryimage\"},\"image\":{\"@id\":\"https:\\\/\\\/fundacionformavigo.com\\\/es\\\/#primaryimage\"},\"thumbnailUrl\":\"https:\\\/\\\/fundacionformavigo.com\\\/wp-content\\\/uploads\\\/2023\\\/07\\\/portada-home-3.webp\",\"datePublished\":\"2022-07-05T06:44:05+00:00\",\"dateModified\":\"2023-07-05T11:25:15+00:00\",\"description\":\"Somos una organizaci\u00f3n sin \u00e1nimo de lucro que lucha por una inserci\u00f3n laboral igualitaria. \u00a1Creamos futuro!\",\"breadcrumb\":{\"@id\":\"https:\\\/\\\/fundacionformavigo.com\\\/es\\\/#breadcrumb\"},\"inLanguage\":\"es\",\"potentialAction\":[{\"@type\":\"ReadAction\",\"target\":[\"https:\\\/\\\/fundacionformavigo.com\\\/es\\\/\"]}]},{\"@type\":\"ImageObject\",\"inLanguage\":\"es\",\"@id\":\"https:\\\/\\\/fundacionformavigo.com\\\/es\\\/#primaryimage\",\"url\":\"https:\\\/\\\/fundacionformavigo.com\\\/wp-content\\\/uploads\\\/2023\\\/07\\\/portada-home-3.webp\",\"contentUrl\":\"https:\\\/\\\/fundacionformavigo.com\\\/wp-content\\\/uploads\\\/2023\\\/07\\\/portada-home-3.webp\",\"width\":1924,\"height\":932},{\"@type\":\"BreadcrumbList\",\"@id\":\"https:\\\/\\\/fundacionformavigo.com\\\/es\\\/#breadcrumb\",\"itemListElement\":[{\"@type\":\"ListItem\",\"position\":1,\"name\":\"Portada\",\"item\":\"https:\\\/\\\/fundacionformavigo.com\\\/es\\\/\"},{\"@type\":\"ListItem\",\"position\":2,\"name\":\"Inicio\"}]},{\"@type\":\"WebSite\",\"@id\":\"https:\\\/\\\/fundacionformavigo.com\\\/es\\\/#website\",\"url\":\"https:\\\/\\\/fundacionformavigo.com\\\/es\\\/\",\"name\":\"Fundaci\u00f3n Formavigo\",\"description\":\"\",\"publisher\":{\"@id\":\"https:\\\/\\\/fundacionformavigo.com\\\/es\\\/#organization\"},\"potentialAction\":[{\"@type\":\"SearchAction\",\"target\":{\"@type\":\"EntryPoint\",\"urlTemplate\":\"https:\\\/\\\/fundacionformavigo.com\\\/es\\\/?s={search_term_string}\"},\"query-input\":{\"@type\":\"PropertyValueSpecification\",\"valueRequired\":true,\"valueName\":\"search_term_string\"}}],\"inLanguage\":\"es\"},{\"@type\":\"Organization\",\"@id\":\"https:\\\/\\\/fundacionformavigo.com\\\/es\\\/#organization\",\"name\":\"Fundaci\u00f3n Formavigo\",\"url\":\"https:\\\/\\\/fundacionformavigo.com\\\/es\\\/\",\"logo\":{\"@type\":\"ImageObject\",\"inLanguage\":\"es\",\"@id\":\"https:\\\/\\\/fundacionformavigo.com\\\/es\\\/#\\\/schema\\\/logo\\\/image\\\/\",\"url\":\"https:\\\/\\\/fundacionformavigo.com\\\/wp-content\\\/uploads\\\/2022\\\/07\\\/logo-fundacion-formavigo-azul.svg\",\"contentUrl\":\"https:\\\/\\\/fundacionformavigo.com\\\/wp-content\\\/uploads\\\/2022\\\/07\\\/logo-fundacion-formavigo-azul.svg\",\"width\":358,\"height\":41,\"caption\":\"Fundaci\u00f3n Formavigo\"},\"image\":{\"@id\":\"https:\\\/\\\/fundacionformavigo.com\\\/es\\\/#\\\/schema\\\/logo\\\/image\\\/\"}}]}<\/script>\n<!-- \/ Yoast SEO plugin. -->","yoast_head_json":{"title":"Inicio | Fundaci\u00f3n Formavigo","description":"Somos una organizaci\u00f3n sin \u00e1nimo de lucro que lucha por una inserci\u00f3n laboral igualitaria. \u00a1Creamos futuro!","robots":{"index":"index","follow":"follow","max-snippet":"max-snippet:-1","max-image-preview":"max-image-preview:large","max-video-preview":"max-video-preview:-1"},"canonical":"https:\/\/fundacionformavigo.com\/es\/","og_locale":"es_ES","og_type":"article","og_title":"Inicio | Fundaci\u00f3n Formavigo","og_description":"Somos una organizaci\u00f3n sin \u00e1nimo de lucro que lucha por una inserci\u00f3n laboral igualitaria. \u00a1Creamos futuro!","og_url":"https:\/\/fundacionformavigo.com\/es\/","og_site_name":"Fundaci\u00f3n Formavigo","article_modified_time":"2023-07-05T11:25:15+00:00","og_image":[{"width":1924,"height":932,"url":"https:\/\/fundacionformavigo.com\/wp-content\/uploads\/2023\/07\/portada-home-3.webp","type":"image\/webp"}],"twitter_card":"summary_large_image","twitter_description":"Somos una organizaci\u00f3n sin \u00e1nimo de lucro que lucha por una inserci\u00f3n laboral igualitaria. \u00a1Creamos futuro!","twitter_misc":{"Tiempo de lectura":"6 minutos"},"schema":{"@context":"https:\/\/schema.org","@graph":[{"@type":"WebPage","@id":"https:\/\/fundacionformavigo.com\/es\/","url":"https:\/\/fundacionformavigo.com\/es\/","name":"Inicio | Fundaci\u00f3n Formavigo","isPartOf":{"@id":"https:\/\/fundacionformavigo.com\/es\/#website"},"primaryImageOfPage":{"@id":"https:\/\/fundacionformavigo.com\/es\/#primaryimage"},"image":{"@id":"https:\/\/fundacionformavigo.com\/es\/#primaryimage"},"thumbnailUrl":"https:\/\/fundacionformavigo.com\/wp-content\/uploads\/2023\/07\/portada-home-3.webp","datePublished":"2022-07-05T06:44:05+00:00","dateModified":"2023-07-05T11:25:15+00:00","description":"Somos una organizaci\u00f3n sin \u00e1nimo de lucro que lucha por una inserci\u00f3n laboral igualitaria. \u00a1Creamos futuro!","breadcrumb":{"@id":"https:\/\/fundacionformavigo.com\/es\/#breadcrumb"},"inLanguage":"es","potentialAction":[{"@type":"ReadAction","target":["https:\/\/fundacionformavigo.com\/es\/"]}]},{"@type":"ImageObject","inLanguage":"es","@id":"https:\/\/fundacionformavigo.com\/es\/#primaryimage","url":"https:\/\/fundacionformavigo.com\/wp-content\/uploads\/2023\/07\/portada-home-3.webp","contentUrl":"https:\/\/fundacionformavigo.com\/wp-content\/uploads\/2023\/07\/portada-home-3.webp","width":1924,"height":932},{"@type":"BreadcrumbList","@id":"https:\/\/fundacionformavigo.com\/es\/#breadcrumb","itemListElement":[{"@type":"ListItem","position":1,"name":"Portada","item":"https:\/\/fundacionformavigo.com\/es\/"},{"@type":"ListItem","position":2,"name":"Inicio"}]},{"@type":"WebSite","@id":"https:\/\/fundacionformavigo.com\/es\/#website","url":"https:\/\/fundacionformavigo.com\/es\/","name":"Fundaci\u00f3n Formavigo","description":"","publisher":{"@id":"https:\/\/fundacionformavigo.com\/es\/#organization"},"potentialAction":[{"@type":"SearchAction","target":{"@type":"EntryPoint","urlTemplate":"https:\/\/fundacionformavigo.com\/es\/?s={search_term_string}"},"query-input":{"@type":"PropertyValueSpecification","valueRequired":true,"valueName":"search_term_string"}}],"inLanguage":"es"},{"@type":"Organization","@id":"https:\/\/fundacionformavigo.com\/es\/#organization","name":"Fundaci\u00f3n Formavigo","url":"https:\/\/fundacionformavigo.com\/es\/","logo":{"@type":"ImageObject","inLanguage":"es","@id":"https:\/\/fundacionformavigo.com\/es\/#\/schema\/logo\/image\/","url":"https:\/\/fundacionformavigo.com\/wp-content\/uploads\/2022\/07\/logo-fundacion-formavigo-azul.svg","contentUrl":"https:\/\/fundacionformavigo.com\/wp-content\/uploads\/2022\/07\/logo-fundacion-formavigo-azul.svg","width":358,"height":41,"caption":"Fundaci\u00f3n Formavigo"},"image":{"@id":"https:\/\/fundacionformavigo.com\/es\/#\/schema\/logo\/image\/"}}]}},"_links":{"self":[{"href":"https:\/\/fundacionformavigo.com\/es\/wp-json\/wp\/v2\/pages\/5","targetHints":{"allow":["GET"]}}],"collection":[{"href":"https:\/\/fundacionformavigo.com\/es\/wp-json\/wp\/v2\/pages"}],"about":[{"href":"https:\/\/fundacionformavigo.com\/es\/wp-json\/wp\/v2\/types\/page"}],"author":[{"embeddable":true,"href":"https:\/\/fundacionformavigo.com\/es\/wp-json\/wp\/v2\/users\/1"}],"replies":[{"embeddable":true,"href":"https:\/\/fundacionformavigo.com\/es\/wp-json\/wp\/v2\/comments?post=5"}],"version-history":[{"count":10,"href":"https:\/\/fundacionformavigo.com\/es\/wp-json\/wp\/v2\/pages\/5\/revisions"}],"predecessor-version":[{"id":1320,"href":"https:\/\/fundacionformavigo.com\/es\/wp-json\/wp\/v2\/pages\/5\/revisions\/1320"}],"wp:featuredmedia":[{"embeddable":true,"href":"https:\/\/fundacionformavigo.com\/es\/wp-json\/wp\/v2\/media\/1304"}],"wp:attachment":[{"href":"https:\/\/fundacionformavigo.com\/es\/wp-json\/wp\/v2\/media?parent=5"}],"curies":[{"name":"wp","href":"https:\/\/api.w.org\/{rel}","templated":true}]}}