{"id":122,"date":"2022-07-06T11:22:53","date_gmt":"2022-07-06T11:22:53","guid":{"rendered":"https:\/\/site.iconmarketing.es\/formavigo\/?page_id=122"},"modified":"2023-07-05T11:45:08","modified_gmt":"2023-07-05T11:45:08","slug":"quienes-somos","status":"publish","type":"page","link":"https:\/\/fundacionformavigo.com\/es\/quienes-somos\/","title":{"rendered":"Qui\u00e9nes somos"},"content":{"rendered":"[vc_section el_id=\u00bbsec9&#8243;][vc_row][vc_column]<h1 class=\"vcex-heading vcex-module wpex-text-2xl wpex-font-normal wpex-m-auto wpex-max-w-100 vcex-heading-plain wpex-block wpex-text-left cabeza1quien1 fm-titulo-pagina\" style=\"color:#000000;font-family:&#039;Poppins&#039;,sans-serif;font-size:70px;font-weight:700;line-height:80px;\"><span class=\"vcex-heading-inner wpex-inline-block wpex-clr\">Qui\u00e9nes somos<\/span><\/h1>[\/vc_column][\/vc_row][vc_row full_width=\u00bbstretch_row_content_no_spaces\u00bb el_class=\u00bbfm-imagen-cabecera\u00bb][vc_column][vc_single_image image=\u00bb1321&#8243;][vc_single_image image=\u00bb85&#8243; alignment=\u00bbright\u00bb el_class=\u00bbfm-bola-cabecera-paginas\u00bb visibility=\u00bbhidden-phone\u00bb][\/vc_column][\/vc_row][\/vc_section][vc_section full_width=\u00bbstretch_row_content\u00bb el_id=\u00bbsec10&#8243;][vc_row][vc_column width=\u00bb1\/2&#8243;][vc_single_image image=\u00bb1323&#8243; img_size=\u00bb814&#215;760&#8243; css=\u00bb.vc_custom_1688556894114{margin-bottom: -200px !important;}\u00bb][\/vc_column][vc_column width=\u00bb1\/2&#8243;]<h2 class=\"vcex-heading vcex-module wpex-text-2xl wpex-font-normal wpex-m-auto wpex-max-w-100 vcex-heading-plain wpex-block wpex-text-left vc_custom_1657795188010 cabeza1quien2\" style=\"color:#000000;font-size:45px;font-weight:700;line-height:55px;\"><span class=\"vcex-heading-inner wpex-inline-block wpex-clr\">\u00bfQu\u00e9 es la Fundaci\u00f3n?<\/span><\/h2>[vc_column_text text_align=\u00bbleft\u00bb color=\u00bb#000000&#8243; css=\u00bb.vc_custom_1657795201951{margin-top: 50px !important;}\u00bb el_class=\u00bbsub1quien2&#8243; font_size=\u00bb19px\u00bb font_family=\u00bbPoppins\u00bb line_height=\u00bb29px\u00bb]<strong>Fundaci\u00f3n Formavigo<\/strong> es una entidad sin \u00e1nimo de lucro, que nace para desarrollar iniciativas de inserci\u00f3n laboral, en cooperaci\u00f3n con la Administraci\u00f3n P\u00fablica y la Empresa Privada para dar apoyo a las necesidades de los y las demandantes de empleo que se encuentran en especial dificultad.<\/p>\n<p><strong id=\"azul\">Tejemos redes y realizamos proyectos sociales que puedan contribuir a una sociedad m\u00e1s fuerte, cohesionada y solidaria con especial inter\u00e9s en la calidad de vida de nuestros mayores y nuestra juventud.<\/strong>[\/vc_column_text][\/vc_column][\/vc_row][\/vc_section][vc_section full_width=\u00bbstretch_row\u00bb el_id=\u00bbsec11&#8243; css=\u00bb.vc_custom_1657711864494{background-color: #f5f5f5 !important;}\u00bb][vc_row css=\u00bb.vc_custom_1657108831553{margin-top: 100px !important;}\u00bb][vc_column width=\u00bb1\/2&#8243;]<h2 class=\"vcex-heading vcex-module wpex-text-2xl wpex-font-normal wpex-m-auto wpex-max-w-100 vcex-heading-plain wpex-block wpex-text-left vc_custom_1657711957858 cabeza1\" style=\"color:#000000;font-family:&#039;Poppins&#039;,sans-serif;font-size:65px;font-weight:700;line-height:75px;\"><span class=\"vcex-heading-inner wpex-inline-block wpex-clr\">Misi\u00f3n, visi\u00f3n y valores<\/span><\/h2><h3 class=\"vcex-heading vcex-module wpex-text-2xl wpex-font-normal wpex-m-auto wpex-max-w-100 vcex-heading-plain wpex-block wpex-text-left vc_custom_1657711949535\" style=\"color:#000000;font-family:&#039;Poppins&#039;,sans-serif;font-size:45px;font-weight:700;line-height:55px;\"><span class=\"vcex-heading-inner wpex-inline-block wpex-clr\">Misi\u00f3n<\/span><\/h3>[vc_column_text text_align=\u00bbleft\u00bb color=\u00bb#000000&#8243; font_size=\u00bb23px\u00bb font_family=\u00bbPoppins\u00bb line_height=\u00bb33px\u00bb css=\u00bb.vc_custom_1657711875991{margin-top: 50px !important;}\u00bb el_class=\u00bbsub1&#8243;]<strong>Mejorar el acceso al mercado laboral<\/strong> de las personas con especial dificultad y contribuir a mejorar el di\u00e1logo social en todos sus \u00e1mbitos, otorgando especial relevancia a la situaci\u00f3n de acceso de la mujer al mercado laboral.[\/vc_column_text][\/vc_column][vc_column width=\u00bb1\/2&#8243;][vc_single_image image=\u00bb1328&#8243; img_size=\u00bb751&#215;775&#8243; css=\u00bb.vc_custom_1688557498169{margin-top: 200px !important;margin-bottom: -150px !important;}\u00bb][\/vc_column][\/vc_row][\/vc_section][vc_section full_width=\u00bbstretch_row\u00bb el_id=\u00bbsec12&#8243; css=\u00bb.vc_custom_1657794749346{background-color: #ffffff !important;}\u00bb][vc_row equal_height=\u00bbyes\u00bb][vc_column width=\u00bb1\/2&#8243;]<h2 class=\"vcex-heading vcex-module wpex-text-2xl wpex-font-normal wpex-m-auto wpex-max-w-100 vcex-heading-plain wpex-block wpex-text-left vc_custom_1657794736428\" style=\"color:#000000;font-family:&#039;Poppins&#039;,sans-serif;font-size:45px;font-weight:700;line-height:55px;\"><span class=\"vcex-heading-inner wpex-inline-block wpex-clr\">Visi\u00f3n<\/span><\/h2><div style=\"color:#000000;font-family:&#039;Poppins&#039;,sans-serif;font-size:23px;line-height:33px;\" class=\"vcex-module vcex-bullets vcex-bullets-blue wpex-text-left list1 vc_custom_1657794710181\">\n<ul>\n<li>Trabajamos con las personas para <strong>potenciar sus capacidades y habilidades<\/strong> y ofrecerles herramientas para su mejora profesional.<\/li>\n<\/ul>\n<\/div><div style=\"color:#000000;font-family:&#039;Poppins&#039;,sans-serif;font-size:23px;line-height:33px;\" class=\"vcex-module vcex-bullets vcex-bullets-blue wpex-text-left list2 vc_custom_1657794718032\">\n<ul>\n<li>Promovemos la <strong>formaci\u00f3n de personas en riesgo de exclusi\u00f3n social<\/strong> para lograr la inserci\u00f3n laboral.<\/li>\n<\/ul>\n<\/div><div style=\"color:#000000;font-family:&#039;Poppins&#039;,sans-serif;font-size:23px;line-height:33px;\" class=\"vcex-module vcex-bullets vcex-bullets-blue wpex-text-left list3 vc_custom_1657794723554\">\n<ul>\n<li>Actuamos con un <strong>enfoque positivo y valorativo de las personas<\/strong>, donde trabajamos para reducir las barreras de g\u00e9nero en el sector industrial.<\/li>\n<\/ul>\n<\/div>[\/vc_column][vc_column width=\u00bb1\/2&#8243;]<div style=\"color:#000000;font-family:&#039;Poppins&#039;,sans-serif;font-size:23px;line-height:33px;\" class=\"vcex-module vcex-bullets vcex-bullets-blue wpex-text-left list4 vc_custom_1657794696906\">\n<ul>\n<li>Creemos que el <strong>trabajo en red y colaboraci\u00f3n con otras empresa<\/strong>s, entidades sociales o administraciones p\u00fablicas es la mejor forma para crecer y avanzar como sociedad.<\/li>\n<\/ul>\n<\/div><div style=\"color:#000000;font-family:&#039;Poppins&#039;,sans-serif;font-size:23px;line-height:33px;\" class=\"vcex-module vcex-bullets vcex-bullets-blue list4 vc_custom_1657794704085\">\n<ul>\n<li>A trav\u00e9s de nuestro trabajo aspiramos a contribuir a una <strong>sociedad m\u00e1s cohesionada, fuerte y solidaria<\/strong>, un motor de cambio de la sociedad en la que vivimos y reducir la desigualdad en la sociedad.<\/li>\n<\/ul>\n<\/div>[\/vc_column][\/vc_row][\/vc_section][vc_section full_width=\u00bbstretch_row\u00bb css=\u00bb.vc_custom_1657794820354{margin-top: 150px !important;margin-bottom: 0px !important;background-color: #f5f5f5 !important;}\u00bb el_id=\u00bbsec13&#8243;][vc_row][vc_column]<h2 class=\"vcex-heading vcex-module wpex-text-2xl wpex-font-normal wpex-m-auto wpex-max-w-100 vcex-heading-plain wpex-block wpex-text-left vc_custom_1657794923954 cabeza1\" style=\"color:#000000;font-family:&#039;Poppins&#039;,sans-serif;font-size:45px;font-weight:700;line-height:55px;\"><span class=\"vcex-heading-inner wpex-inline-block wpex-clr\">Valores<\/span><\/h2>[vc_row_inner equal_height=\u00bbyes\u00bb][vc_column_inner width=\u00bb1\/3&#8243;][vc_single_image image=\u00bb150&#8243; css=\u00bb.vc_custom_1657794958105{margin-top: 60px !important;}\u00bb]<h5 class=\"vcex-heading vcex-module wpex-text-2xl wpex-font-normal wpex-m-auto wpex-max-w-100 vcex-heading-plain wpex-block wpex-text-left vc_custom_1657794838918 cabeza2\" style=\"color:#000000;font-family:&#039;Poppins&#039;,sans-serif;font-size:23px;font-weight:700;line-height:33px;\"><span class=\"vcex-heading-inner wpex-inline-block wpex-clr\">Compromiso social<\/span><\/h5>[vc_column_text text_align=\u00bbleft\u00bb color=\u00bb#000000&#8243; font_size=\u00bb19px\u00bb font_family=\u00bbPoppins\u00bb css=\u00bb.vc_custom_1657794852001{margin-top: 15px !important;}\u00bb el_class=\u00bbsub1&#8243; line_height=\u00bb33px\u00bb]Para una sociedad m\u00e1s justa poniendo m\u00e1s \u00e9nfasis en las personas m\u00e1s vulnerables y menos oportunidades.[\/vc_column_text][\/vc_column_inner][vc_column_inner width=\u00bb1\/3&#8243;][vc_single_image image=\u00bb152&#8243; css=\u00bb.vc_custom_1657794949351{margin-top: 60px !important;}\u00bb]<h5 class=\"vcex-heading vcex-module wpex-text-2xl wpex-font-normal wpex-m-auto wpex-max-w-100 vcex-heading-plain wpex-block wpex-text-left vc_custom_1657794858696\" style=\"color:#000000;font-family:&#039;Poppins&#039;,sans-serif;font-size:23px;font-weight:700;line-height:33px;\"><span class=\"vcex-heading-inner wpex-inline-block wpex-clr\">Compromiso con la igualdad de oportunidades<\/span><\/h5>[vc_column_text css=\u00bb.vc_custom_1657794865049{margin-top: 30px !important;}\u00bb text_align=\u00bbleft\u00bb color=\u00bb#000000&#8243; font_size=\u00bb19px\u00bb font_family=\u00bbPoppins\u00bb line_height=\u00bb33px\u00bb el_class=\u00bbsub2&#8243;]Para reducir las desigualdades y contribuir a la cohesi\u00f3n social.[\/vc_column_text][\/vc_column_inner][vc_column_inner width=\u00bb1\/3&#8243;][vc_single_image image=\u00bb154&#8243; css=\u00bb.vc_custom_1657794966872{margin-top: 60px !important;}\u00bb]<h5 class=\"vcex-heading vcex-module wpex-text-2xl wpex-font-normal wpex-m-auto wpex-max-w-100 vcex-heading-plain wpex-block wpex-text-left vc_custom_1657176608323\" style=\"color:#000000;font-family:&#039;Poppins&#039;,sans-serif;font-size:23px;font-weight:700;line-height:33px;\"><span class=\"vcex-heading-inner wpex-inline-block wpex-clr\">Transparencia e independencia<\/span><\/h5>[vc_column_text text_align=\u00bbleft\u00bb color=\u00bb#000000&#8243; font_size=\u00bb19px\u00bb font_family=\u00bbPoppins\u00bb line_height=\u00bb33px\u00bb el_class=\u00bbsub3&#8243; css=\u00bb.vc_custom_1657177017021{margin-top: 15px !important;}\u00bb]Rendir cuentas, transparencia informativa, garantizando un proceso responsable, eficiente, sostenible y con independencia.[\/vc_column_text][\/vc_column_inner][\/vc_row_inner][vc_row_inner equal_height=\u00bbyes\u00bb css=\u00bb.vc_custom_1657177598403{margin-bottom: 100px !important;}\u00bb][vc_column_inner width=\u00bb1\/3&#8243;][vc_single_image image=\u00bb158&#8243; css=\u00bb.vc_custom_1657794988196{margin-top: 60px !important;}\u00bb]<h5 class=\"vcex-heading vcex-module wpex-text-2xl wpex-font-normal wpex-m-auto wpex-max-w-100 vcex-heading-plain wpex-block wpex-text-left vc_custom_1657794883013 cabeza2\" style=\"color:#000000;font-family:&#039;Poppins&#039;,sans-serif;font-size:23px;font-weight:700;line-height:33px;\"><span class=\"vcex-heading-inner wpex-inline-block wpex-clr\">Cuidado de las personas<\/span><\/h5>[vc_column_text text_align=\u00bbleft\u00bb color=\u00bb#000000&#8243; font_size=\u00bb19px\u00bb font_family=\u00bbPoppins\u00bb css=\u00bb.vc_custom_1657794889065{margin-top: 15px !important;}\u00bb el_class=\u00bbsub4&#8243; line_height=\u00bb33px\u00bb]Creando empat\u00eda, respeto y buen clima en todos los \u00e1mbitos de la Fundaci\u00f3n.[\/vc_column_text][\/vc_column_inner][vc_column_inner width=\u00bb1\/3&#8243;][vc_single_image image=\u00bb160&#8243; css=\u00bb.vc_custom_1657794981259{margin-top: 60px !important;}\u00bb]<h5 class=\"vcex-heading vcex-module wpex-text-2xl wpex-font-normal wpex-m-auto wpex-max-w-100 vcex-heading-plain wpex-block wpex-text-left vc_custom_1657794900324\" style=\"color:#000000;font-family:&#039;Poppins&#039;,sans-serif;font-size:23px;font-weight:700;line-height:33px;\"><span class=\"vcex-heading-inner wpex-inline-block wpex-clr\">Calidad y mejora continua<\/span><\/h5>[vc_column_text css=\u00bb.vc_custom_1657794906337{margin-top: 30px !important;}\u00bb text_align=\u00bbleft\u00bb color=\u00bb#000000&#8243; font_size=\u00bb19px\u00bb font_family=\u00bbPoppins\u00bb line_height=\u00bb33px\u00bb el_class=\u00bbsub2&#8243;]Siguiendo par\u00e1metros de buena gesti\u00f3n y eficacia en los resultados.[\/vc_column_text][\/vc_column_inner][vc_column_inner width=\u00bb1\/3&#8243;][vc_single_image image=\u00bb161&#8243; css=\u00bb.vc_custom_1657794973112{margin-top: 60px !important;}\u00bb]<h5 class=\"vcex-heading vcex-module wpex-text-2xl wpex-font-normal wpex-m-auto wpex-max-w-100 vcex-heading-plain wpex-block wpex-text-left vc_custom_1657177358535\" style=\"color:#000000;font-family:&#039;Poppins&#039;,sans-serif;font-size:23px;font-weight:700;line-height:33px;\"><span class=\"vcex-heading-inner wpex-inline-block wpex-clr\">Compromiso social<\/span><\/h5>[vc_column_text text_align=\u00bbleft\u00bb color=\u00bb#000000&#8243; font_size=\u00bb19px\u00bb font_family=\u00bbPoppins\u00bb line_height=\u00bb33px\u00bb el_class=\u00bbsub3&#8243; css=\u00bb.vc_custom_1657177373053{margin-top: 15px !important;}\u00bb]Buscando la corresponsabilidad social y el trabajo en red.[\/vc_column_text][\/vc_column_inner][\/vc_row_inner][\/vc_column][\/vc_row][\/vc_section]\n","protected":false},"excerpt":{"rendered":"<p>[vc_section el_id=\u00bbsec9&#8243;][vc_row][vc_column][\/vc_column][\/vc_row][vc_row full_width=\u00bbstretch_row_content_no_spaces\u00bb el_class=\u00bbfm-imagen-cabecera\u00bb][vc_column][vc_single_image image=\u00bb1321&#8243;][vc_single_image image=\u00bb85&#8243; alignment=\u00bbright\u00bb el_class=\u00bbfm-bola-cabecera-paginas\u00bb visibility=\u00bbhidden-phone\u00bb][\/vc_column][\/vc_row][\/vc_section][vc_section full_width=\u00bbstretch_row_content\u00bb el_id=\u00bbsec10&#8243;][vc_row][vc_column width=\u00bb1\/2&#8243;][vc_single_image image=\u00bb1323&#8243; img_size=\u00bb814&#215;760&#8243; css=\u00bb.vc_custom_1688556894114{margin-bottom: -200px !important;}\u00bb][\/vc_column][vc_column width=\u00bb1\/2&#8243;][vc_column_text text_align=\u00bbleft\u00bb color=\u00bb#000000&#8243; css=\u00bb.vc_custom_1657795201951{margin-top: 50px !important;}\u00bb el_class=\u00bbsub1quien2&#8243; font_size=\u00bb19px\u00bb font_family=\u00bbPoppins\u00bb line_height=\u00bb29px\u00bb]Fundaci\u00f3n Formavigo es una entidad sin \u00e1nimo de lucro, que nace para desarrollar iniciativas de inserci\u00f3n laboral, en cooperaci\u00f3n con la Administraci\u00f3n P\u00fablica y la Empresa Privada para dar&hellip;<\/p>\n","protected":false},"author":1,"featured_media":1321,"parent":0,"menu_order":0,"comment_status":"closed","ping_status":"closed","template":"","meta":{"_acf_changed":false,"inline_featured_image":false,"footnotes":""},"class_list":["post-122","page","type-page","status-publish","has-post-thumbnail","hentry","entry","has-media"],"acf":[],"yoast_head":"<!-- This site is optimized with the Yoast SEO plugin v27.5 - https:\/\/yoast.com\/product\/yoast-seo-wordpress\/ -->\n<title>Qui\u00e9nes somos | Fundaci\u00f3n Formavigo<\/title>\n<meta name=\"description\" content=\"Entidad sin \u00e1nimo de lucro, que nace para desarrollar iniciativas de inserci\u00f3n laboral, para dar apoyo a las necesidades de los y las demandantes de empleo.\" \/>\n<meta name=\"robots\" content=\"index, follow, max-snippet:-1, max-image-preview:large, max-video-preview:-1\" \/>\n<link rel=\"canonical\" href=\"https:\/\/fundacionformavigo.com\/es\/quienes-somos\/\" \/>\n<meta property=\"og:locale\" content=\"es_ES\" \/>\n<meta property=\"og:type\" content=\"article\" \/>\n<meta property=\"og:title\" content=\"Qui\u00e9nes somos | Fundaci\u00f3n Formavigo\" \/>\n<meta property=\"og:description\" content=\"Entidad sin \u00e1nimo de lucro, que nace para desarrollar iniciativas de inserci\u00f3n laboral, para dar apoyo a las necesidades de los y las demandantes de empleo.\" \/>\n<meta property=\"og:url\" content=\"https:\/\/fundacionformavigo.com\/es\/quienes-somos\/\" \/>\n<meta property=\"og:site_name\" content=\"Fundaci\u00f3n Formavigo\" \/>\n<meta property=\"article:modified_time\" content=\"2023-07-05T11:45:08+00:00\" \/>\n<meta property=\"og:image\" content=\"https:\/\/fundacionformavigo.com\/wp-content\/uploads\/2023\/07\/cabecera-quienes-somos.webp\" \/>\n\t<meta property=\"og:image:width\" content=\"2560\" \/>\n\t<meta property=\"og:image:height\" content=\"516\" \/>\n\t<meta property=\"og:image:type\" content=\"image\/webp\" \/>\n<meta name=\"twitter:card\" content=\"summary_large_image\" \/>\n<meta name=\"twitter:title\" content=\"Qui\u00e9nes somos | Fundaci\u00f3n Formavigo\" \/>\n<meta name=\"twitter:description\" content=\"Entidad sin \u00e1nimo de lucro, que nace para desarrollar iniciativas de inserci\u00f3n laboral, para dar apoyo a las necesidades de los y las demandantes de empleo.\" \/>\n<meta name=\"twitter:label1\" content=\"Tiempo de lectura\" \/>\n\t<meta name=\"twitter:data1\" content=\"4 minutos\" \/>\n<script type=\"application\/ld+json\" class=\"yoast-schema-graph\">{\"@context\":\"https:\\\/\\\/schema.org\",\"@graph\":[{\"@type\":\"WebPage\",\"@id\":\"https:\\\/\\\/fundacionformavigo.com\\\/es\\\/quienes-somos\\\/\",\"url\":\"https:\\\/\\\/fundacionformavigo.com\\\/es\\\/quienes-somos\\\/\",\"name\":\"Qui\u00e9nes somos | Fundaci\u00f3n Formavigo\",\"isPartOf\":{\"@id\":\"https:\\\/\\\/fundacionformavigo.com\\\/es\\\/#website\"},\"primaryImageOfPage\":{\"@id\":\"https:\\\/\\\/fundacionformavigo.com\\\/es\\\/quienes-somos\\\/#primaryimage\"},\"image\":{\"@id\":\"https:\\\/\\\/fundacionformavigo.com\\\/es\\\/quienes-somos\\\/#primaryimage\"},\"thumbnailUrl\":\"https:\\\/\\\/fundacionformavigo.com\\\/wp-content\\\/uploads\\\/2023\\\/07\\\/cabecera-quienes-somos.webp\",\"datePublished\":\"2022-07-06T11:22:53+00:00\",\"dateModified\":\"2023-07-05T11:45:08+00:00\",\"description\":\"Entidad sin \u00e1nimo de lucro, que nace para desarrollar iniciativas de inserci\u00f3n laboral, para dar apoyo a las necesidades de los y las demandantes de empleo.\",\"breadcrumb\":{\"@id\":\"https:\\\/\\\/fundacionformavigo.com\\\/es\\\/quienes-somos\\\/#breadcrumb\"},\"inLanguage\":\"es\",\"potentialAction\":[{\"@type\":\"ReadAction\",\"target\":[\"https:\\\/\\\/fundacionformavigo.com\\\/es\\\/quienes-somos\\\/\"]}]},{\"@type\":\"ImageObject\",\"inLanguage\":\"es\",\"@id\":\"https:\\\/\\\/fundacionformavigo.com\\\/es\\\/quienes-somos\\\/#primaryimage\",\"url\":\"https:\\\/\\\/fundacionformavigo.com\\\/wp-content\\\/uploads\\\/2023\\\/07\\\/cabecera-quienes-somos.webp\",\"contentUrl\":\"https:\\\/\\\/fundacionformavigo.com\\\/wp-content\\\/uploads\\\/2023\\\/07\\\/cabecera-quienes-somos.webp\",\"width\":2560,\"height\":516,\"caption\":\"Cabecera Quienes Somos\"},{\"@type\":\"BreadcrumbList\",\"@id\":\"https:\\\/\\\/fundacionformavigo.com\\\/es\\\/quienes-somos\\\/#breadcrumb\",\"itemListElement\":[{\"@type\":\"ListItem\",\"position\":1,\"name\":\"Portada\",\"item\":\"https:\\\/\\\/fundacionformavigo.com\\\/es\\\/\"},{\"@type\":\"ListItem\",\"position\":2,\"name\":\"Qui\u00e9nes somos\"}]},{\"@type\":\"WebSite\",\"@id\":\"https:\\\/\\\/fundacionformavigo.com\\\/es\\\/#website\",\"url\":\"https:\\\/\\\/fundacionformavigo.com\\\/es\\\/\",\"name\":\"Fundaci\u00f3n Formavigo\",\"description\":\"\",\"publisher\":{\"@id\":\"https:\\\/\\\/fundacionformavigo.com\\\/es\\\/#organization\"},\"potentialAction\":[{\"@type\":\"SearchAction\",\"target\":{\"@type\":\"EntryPoint\",\"urlTemplate\":\"https:\\\/\\\/fundacionformavigo.com\\\/es\\\/?s={search_term_string}\"},\"query-input\":{\"@type\":\"PropertyValueSpecification\",\"valueRequired\":true,\"valueName\":\"search_term_string\"}}],\"inLanguage\":\"es\"},{\"@type\":\"Organization\",\"@id\":\"https:\\\/\\\/fundacionformavigo.com\\\/es\\\/#organization\",\"name\":\"Fundaci\u00f3n Formavigo\",\"url\":\"https:\\\/\\\/fundacionformavigo.com\\\/es\\\/\",\"logo\":{\"@type\":\"ImageObject\",\"inLanguage\":\"es\",\"@id\":\"https:\\\/\\\/fundacionformavigo.com\\\/es\\\/#\\\/schema\\\/logo\\\/image\\\/\",\"url\":\"https:\\\/\\\/fundacionformavigo.com\\\/wp-content\\\/uploads\\\/2022\\\/07\\\/logo-fundacion-formavigo-azul.svg\",\"contentUrl\":\"https:\\\/\\\/fundacionformavigo.com\\\/wp-content\\\/uploads\\\/2022\\\/07\\\/logo-fundacion-formavigo-azul.svg\",\"width\":358,\"height\":41,\"caption\":\"Fundaci\u00f3n Formavigo\"},\"image\":{\"@id\":\"https:\\\/\\\/fundacionformavigo.com\\\/es\\\/#\\\/schema\\\/logo\\\/image\\\/\"}}]}<\/script>\n<!-- \/ Yoast SEO plugin. -->","yoast_head_json":{"title":"Qui\u00e9nes somos | Fundaci\u00f3n Formavigo","description":"Entidad sin \u00e1nimo de lucro, que nace para desarrollar iniciativas de inserci\u00f3n laboral, para dar apoyo a las necesidades de los y las demandantes de empleo.","robots":{"index":"index","follow":"follow","max-snippet":"max-snippet:-1","max-image-preview":"max-image-preview:large","max-video-preview":"max-video-preview:-1"},"canonical":"https:\/\/fundacionformavigo.com\/es\/quienes-somos\/","og_locale":"es_ES","og_type":"article","og_title":"Qui\u00e9nes somos | Fundaci\u00f3n Formavigo","og_description":"Entidad sin \u00e1nimo de lucro, que nace para desarrollar iniciativas de inserci\u00f3n laboral, para dar apoyo a las necesidades de los y las demandantes de empleo.","og_url":"https:\/\/fundacionformavigo.com\/es\/quienes-somos\/","og_site_name":"Fundaci\u00f3n Formavigo","article_modified_time":"2023-07-05T11:45:08+00:00","og_image":[{"width":2560,"height":516,"url":"https:\/\/fundacionformavigo.com\/wp-content\/uploads\/2023\/07\/cabecera-quienes-somos.webp","type":"image\/webp"}],"twitter_card":"summary_large_image","twitter_title":"Qui\u00e9nes somos | Fundaci\u00f3n Formavigo","twitter_description":"Entidad sin \u00e1nimo de lucro, que nace para desarrollar iniciativas de inserci\u00f3n laboral, para dar apoyo a las necesidades de los y las demandantes de empleo.","twitter_misc":{"Tiempo de lectura":"4 minutos"},"schema":{"@context":"https:\/\/schema.org","@graph":[{"@type":"WebPage","@id":"https:\/\/fundacionformavigo.com\/es\/quienes-somos\/","url":"https:\/\/fundacionformavigo.com\/es\/quienes-somos\/","name":"Qui\u00e9nes somos | Fundaci\u00f3n Formavigo","isPartOf":{"@id":"https:\/\/fundacionformavigo.com\/es\/#website"},"primaryImageOfPage":{"@id":"https:\/\/fundacionformavigo.com\/es\/quienes-somos\/#primaryimage"},"image":{"@id":"https:\/\/fundacionformavigo.com\/es\/quienes-somos\/#primaryimage"},"thumbnailUrl":"https:\/\/fundacionformavigo.com\/wp-content\/uploads\/2023\/07\/cabecera-quienes-somos.webp","datePublished":"2022-07-06T11:22:53+00:00","dateModified":"2023-07-05T11:45:08+00:00","description":"Entidad sin \u00e1nimo de lucro, que nace para desarrollar iniciativas de inserci\u00f3n laboral, para dar apoyo a las necesidades de los y las demandantes de empleo.","breadcrumb":{"@id":"https:\/\/fundacionformavigo.com\/es\/quienes-somos\/#breadcrumb"},"inLanguage":"es","potentialAction":[{"@type":"ReadAction","target":["https:\/\/fundacionformavigo.com\/es\/quienes-somos\/"]}]},{"@type":"ImageObject","inLanguage":"es","@id":"https:\/\/fundacionformavigo.com\/es\/quienes-somos\/#primaryimage","url":"https:\/\/fundacionformavigo.com\/wp-content\/uploads\/2023\/07\/cabecera-quienes-somos.webp","contentUrl":"https:\/\/fundacionformavigo.com\/wp-content\/uploads\/2023\/07\/cabecera-quienes-somos.webp","width":2560,"height":516,"caption":"Cabecera Quienes Somos"},{"@type":"BreadcrumbList","@id":"https:\/\/fundacionformavigo.com\/es\/quienes-somos\/#breadcrumb","itemListElement":[{"@type":"ListItem","position":1,"name":"Portada","item":"https:\/\/fundacionformavigo.com\/es\/"},{"@type":"ListItem","position":2,"name":"Qui\u00e9nes somos"}]},{"@type":"WebSite","@id":"https:\/\/fundacionformavigo.com\/es\/#website","url":"https:\/\/fundacionformavigo.com\/es\/","name":"Fundaci\u00f3n Formavigo","description":"","publisher":{"@id":"https:\/\/fundacionformavigo.com\/es\/#organization"},"potentialAction":[{"@type":"SearchAction","target":{"@type":"EntryPoint","urlTemplate":"https:\/\/fundacionformavigo.com\/es\/?s={search_term_string}"},"query-input":{"@type":"PropertyValueSpecification","valueRequired":true,"valueName":"search_term_string"}}],"inLanguage":"es"},{"@type":"Organization","@id":"https:\/\/fundacionformavigo.com\/es\/#organization","name":"Fundaci\u00f3n Formavigo","url":"https:\/\/fundacionformavigo.com\/es\/","logo":{"@type":"ImageObject","inLanguage":"es","@id":"https:\/\/fundacionformavigo.com\/es\/#\/schema\/logo\/image\/","url":"https:\/\/fundacionformavigo.com\/wp-content\/uploads\/2022\/07\/logo-fundacion-formavigo-azul.svg","contentUrl":"https:\/\/fundacionformavigo.com\/wp-content\/uploads\/2022\/07\/logo-fundacion-formavigo-azul.svg","width":358,"height":41,"caption":"Fundaci\u00f3n Formavigo"},"image":{"@id":"https:\/\/fundacionformavigo.com\/es\/#\/schema\/logo\/image\/"}}]}},"_links":{"self":[{"href":"https:\/\/fundacionformavigo.com\/es\/wp-json\/wp\/v2\/pages\/122","targetHints":{"allow":["GET"]}}],"collection":[{"href":"https:\/\/fundacionformavigo.com\/es\/wp-json\/wp\/v2\/pages"}],"about":[{"href":"https:\/\/fundacionformavigo.com\/es\/wp-json\/wp\/v2\/types\/page"}],"author":[{"embeddable":true,"href":"https:\/\/fundacionformavigo.com\/es\/wp-json\/wp\/v2\/users\/1"}],"replies":[{"embeddable":true,"href":"https:\/\/fundacionformavigo.com\/es\/wp-json\/wp\/v2\/comments?post=122"}],"version-history":[{"count":10,"href":"https:\/\/fundacionformavigo.com\/es\/wp-json\/wp\/v2\/pages\/122\/revisions"}],"predecessor-version":[{"id":1330,"href":"https:\/\/fundacionformavigo.com\/es\/wp-json\/wp\/v2\/pages\/122\/revisions\/1330"}],"wp:featuredmedia":[{"embeddable":true,"href":"https:\/\/fundacionformavigo.com\/es\/wp-json\/wp\/v2\/media\/1321"}],"wp:attachment":[{"href":"https:\/\/fundacionformavigo.com\/es\/wp-json\/wp\/v2\/media?parent=122"}],"curies":[{"name":"wp","href":"https:\/\/api.w.org\/{rel}","templated":true}]}}