{"version":"1.0","provider_name":"Fundaci\u00f3n Formavigo","provider_url":"https:\/\/fundacionformavigo.com\/es\/","author_name":"recadoscarmen","author_url":"https:\/\/fundacionformavigo.com\/es\/author\/recadoscarmen\/","title":"A linguaxe inclusiva como motor do cambio - FINALIZADO | Fundaci\u00f3n Formavigo","type":"rich","width":600,"height":338,"html":"<blockquote class=\"wp-embedded-content\" data-secret=\"PB9rL1CAmY\"><a href=\"https:\/\/fundacionformavigo.com\/es\/curso\/a-linguaxe-inclusiva-como-motor-do-cambio\/\">A linguaxe inclusiva como motor do cambio &#8211; FINALIZADO<\/a><\/blockquote><iframe sandbox=\"allow-scripts\" security=\"restricted\" src=\"https:\/\/fundacionformavigo.com\/es\/curso\/a-linguaxe-inclusiva-como-motor-do-cambio\/embed\/#?secret=PB9rL1CAmY\" width=\"600\" height=\"338\" title=\"\u00abA linguaxe inclusiva como motor do cambio &#8211; FINALIZADO\u00bb \u2014 Fundaci\u00f3n Formavigo\" data-secret=\"PB9rL1CAmY\" frameborder=\"0\" marginwidth=\"0\" marginheight=\"0\" scrolling=\"no\" class=\"wp-embedded-content\"><\/iframe><script>\n\/*! This file is auto-generated *\/\n!function(d,l){\"use strict\";l.querySelector&&d.addEventListener&&\"undefined\"!=typeof URL&&(d.wp=d.wp||{},d.wp.receiveEmbedMessage||(d.wp.receiveEmbedMessage=function(e){var t=e.data;if((t||t.secret||t.message||t.value)&&!\/[^a-zA-Z0-9]\/.test(t.secret)){for(var s,r,n,a=l.querySelectorAll('iframe[data-secret=\"'+t.secret+'\"]'),o=l.querySelectorAll('blockquote[data-secret=\"'+t.secret+'\"]'),c=new RegExp(\"^https?:$\",\"i\"),i=0;i<o.length;i++)o[i].style.display=\"none\";for(i=0;i<a.length;i++)s=a[i],e.source===s.contentWindow&&(s.removeAttribute(\"style\"),\"height\"===t.message?(1e3<(r=parseInt(t.value,10))?r=1e3:~~r<200&&(r=200),s.height=r):\"link\"===t.message&&(r=new URL(s.getAttribute(\"src\")),n=new URL(t.value),c.test(n.protocol))&&n.host===r.host&&l.activeElement===s&&(d.top.location.href=t.value))}},d.addEventListener(\"message\",d.wp.receiveEmbedMessage,!1),l.addEventListener(\"DOMContentLoaded\",function(){for(var e,t,s=l.querySelectorAll(\"iframe.wp-embedded-content\"),r=0;r<s.length;r++)(t=(e=s[r]).getAttribute(\"data-secret\"))||(t=Math.random().toString(36).substring(2,12),e.src+=\"#?secret=\"+t,e.setAttribute(\"data-secret\",t)),e.contentWindow.postMessage({message:\"ready\",secret:t},\"*\")},!1)))}(window,document);\n\/\/# sourceURL=https:\/\/fundacionformavigo.com\/wp-includes\/js\/wp-embed.min.js\n<\/script>\n","description":"C\u00f3mo mellorar cara dentro e cara fora das empresas a nosa comunicaci\u00f3n nunha sociedade cada vez m\u00e1is sensibilizada coa igualdade de oportunidades entre homes e mulleres que tam\u00e9n se expresa a trav\u00e9s da nosa imaxe e linguaxe. \u00c1rea: Igualdade Entidade financiadora: Deputaci\u00f3n de Pontevedra Programa concedido: Fiando Redes. Actividade concedida: Faladoiro: \u201cA linguaxe inclusiva como&hellip;","thumbnail_url":"https:\/\/fundacionformavigo.com\/wp-content\/uploads\/2023\/06\/logo_principal_deputacion-300x76.jpg"}